{"id":449,"date":"2013-06-04T07:39:03","date_gmt":"2013-06-04T05:39:03","guid":{"rendered":"http:\/\/ziemiasadecka.com\/sarr\/?page_id=449"},"modified":"2013-10-09T06:42:34","modified_gmt":"2013-10-09T04:42:34","slug":"projekt-edukacja-integracja-i-zatrudnienie-podstawy-do-rozwoju-spolecznego-romow","status":"publish","type":"page","link":"https:\/\/sarr.com.pl\/?page_id=449","title":{"rendered":"Projekt &#8222;Edukacja, Integracja i Zatrudnienie \u2013 podstawy do rozwoju spo\u0142ecznego Rom\u00f3w&#8221;"},"content":{"rendered":"<p style=\"text-align: justify;\"><a href=\"http:\/\/www.sarr.com.pl\/wp-content\/uploads\/2013\/06\/unia-kapital1.jpg\"><img loading=\"lazy\" class=\"aligncenter size-full wp-image-493\" alt=\"unia-kapital\" src=\"http:\/\/www.sarr.com.pl\/wp-content\/uploads\/2013\/06\/unia-kapital1.jpg\" width=\"622\" height=\"99\" srcset=\"https:\/\/sarr.com.pl\/wp-content\/uploads\/2013\/06\/unia-kapital1.jpg 622w, https:\/\/sarr.com.pl\/wp-content\/uploads\/2013\/06\/unia-kapital1-300x47.jpg 300w\" sizes=\"(max-width: 622px) 100vw, 622px\" \/><\/a><\/p>\n<p style=\"text-align: justify;\">S\u0105decka Agencja Rozwoju regionalnego S.A. informuje, \u017ce rozpoczyna realizacj\u0119 projektu pn.<strong> \u201eEdukacja, Integracja i Zatrudnienie \u2013 podstawy do rozwoju spo\u0142ecznego Rom\u00f3w\u201d<\/strong><\/p>\n<p style=\"text-align: justify;\">Priorytet 1. Zatrudnienie i integracja spo\u0142eczna.<\/p>\n<p style=\"text-align: justify;\">Dzia\u0142anie 1.3 \u2013 Og\u00f3lnopolskie programy integracji i aktywizacji zawodowej<\/p>\n<p style=\"text-align: justify;\">Poddzia\u0142anie 1.3.1 \u2013 Projekty na rzecz spo\u0142eczno\u015bci romskiej<\/p>\n<p style=\"text-align: justify;\"><strong>Projekt wsp\u00f3\u0142finansowany ze \u015brodk\u00f3w Unii Europejskiej z Europejskiego Funduszu Spo\u0142ecznego.<\/strong><\/p>\n<p style=\"text-align: justify;\">Termin realizacji: <strong>01.06.2013r. \u2013 31.07.2014r.<\/strong><\/p>\n<p style=\"text-align: justify;\">Celem g\u0142\u00f3wnym projektu jest wzmocnienie w\u015br\u00f3d 55 BO motywacji do rozwi\u0105zywania wsp\u00f3lnych problem\u00f3w wyst\u0119puj\u0105cych w zakresie: edukacji Rom\u00f3w, zatrudnienia Rom\u00f3w oraz integracji mi\u0119dzykulturowej u pracownik\u00f3w o\u015bwiaty na terenie powiatu nowos\u0105deckiego oraz miasta Nowy S\u0105cz.<\/p>\n<p style=\"text-align: justify;\">Powy\u017cszy cel zostanie osi\u0105gni\u0119ty poprzez realizacj\u0119 cel\u00f3w szczeg\u00f3\u0142owych<\/p>\n<ul style=\"text-align: justify;\">\n<li>Zwi\u0119kszenie kompetencji mi\u0119dzykulturowych w\u015br\u00f3d 20 BO b\u0119d\u0105cych pracownikami pedagogiczno-wychowawczymi w \u015brodowisku szkolnym na terenach lokalnych zamieszka\u0142ych przez Rom\u00f3w (na terenie powiatu nowos\u0105deckiego i Miasta Nowego S\u0105cza)<\/li>\n<li>Podniesienie ch\u0119ci i motywacji do nauki przez 20 dzieci i m\u0142odzie\u017cy romskich z terenu Miasta Nowego S\u0105cza<\/li>\n<li>Podniesienie wiedzy i kwalifikacji zawodowych w\u015br\u00f3d 15 BO obj\u0119tych szkoleniami na terenie powiatu nowos\u0105deckiego i Miasta Nowego S\u0105cza<\/li>\n<\/ul>\n<h3 style=\"text-align: justify;\">GRUPY DOCELOWE<\/h3>\n<p style=\"text-align: justify;\">Projekt przewiduje wsparcie dla:<\/p>\n<ul style=\"text-align: justify;\">\n<li>Pracownik\u00f3w plac\u00f3wek o\u015bwiaty \u2013 nauczycieli, pedagog\u00f3w z terenu Miasta Nowego S\u0105cza i powiatu nowos\u0105deckiego<\/li>\n<li>Dzieci i m\u0142odzie\u017cy romskiej w wieku od 6 do 16 lat z terenu Miasta Nowego S\u0105cza<\/li>\n<li>Kobiet i M\u0119\u017cczyzn d\u0142ugotrwale bezrobotnych cz\u0142onk\u00f3w spo\u0142eczno\u015bci romskiej, pozostaj\u0105cych w rejestrze Urz\u0119du Pracy \u0142\u0105cznie przez okres ponad 12 miesi\u0119cy w okresie ostatnich 2 lat, z wy\u0142\u0105czeniem okres\u00f3w odbywania sta\u017cu i przygotowania zawodowego doros\u0142ych, zamieszkuj\u0105cych zgodnie z rozumieniem Kodeksu Cywilnego na terenie Miasta Nowego S\u0105cza lub powiatu nowos\u0105deckiego, w wieku aktywno\u015bci zawodowej (18-64 lata)<\/li>\n<\/ul>\n<p style=\"text-align: justify;\"><strong>Dzia\u0142ania realizowane w ramach projektu:<\/strong><\/p>\n<ul style=\"text-align: justify;\">\n<li><em>Konferencja- w ramach projektu przewidziane jest zorganizowanie konsultacji z udzia\u0142em przedstawicieli spo\u0142eczno\u015bci romskiej, instytucji publicznych i niepublicznych dzia\u0142aj\u0105cych na rzecz tej spo\u0142eczno\u015bci w tym min. Pe\u0142nomocnika Prezydenta Miasta Nowego S\u0105cza ds. Spo\u0142ecznych i Pe\u0142nomocnika Prezydenta Miasta Nowego S\u0105cza ds. Rom\u00f3w<\/em><\/li>\n<li><em>Modu\u0142 szkoleniowy dla pracownik\u00f3w plac\u00f3wek o\u015bwiaty kt\u00f3rego celem b\u0119dzie podniesienie wiedzy nt. Rom\u00f3w, obalenie stereotyp\u00f3w oraz wspieranie w lepszej wsp\u00f3\u0142pracy z t\u0105 grup\u0105 spo\u0142eczn\u0105 w zakresie edukacji<\/em><\/li>\n<li><em>Utworzenie \u015bwietlicy dla dzieci i m\u0142odzie\u017cy romskiej w ramach kt\u00f3rej zostan\u0105 podj\u0119te dzia\u0142ania polegaj\u0105ce na zagospodarowaniu czasu wolnego, organizacji r\u00f3\u017cnego rodzaju zaj\u0119\u0107 dodatkowych, pomocy w odrabianiu lekcji. W ramach funkcjonowania \u015bwietlicy przewidziane s\u0105 r\u00f3wnie\u017c materia\u0142y szkoleniowe i pocz\u0119stunek w postaci ciep\u0142ego posi\u0142ku.<\/em><\/li>\n<\/ul>\n<p style=\"text-align: justify;\"><strong>Dla d\u0142ugotrwale bezrobotnych Romek\/\u00f3w zostanie zorganizowane:<\/strong><\/p>\n<ul style=\"text-align: justify;\">\n<li>Poradnictwo zawodowe<\/li>\n<li>Szkolenia zawodowe<\/li>\n<li>Sta\u017ce zawodowe z przewidzianymi stypendiami sta\u017cowymi<\/li>\n<\/ul>\n<p style=\"text-align: justify;\">W ramach projektu przewidziany jest zwrot koszt\u00f3w dojazdu na szkolenia dla d\u0142ugotrwale bezrobotnych Romek\/\u00f3w.<\/p>\n<p style=\"text-align: justify;\">Szczeg\u00f3\u0142owe informacje na temat projektu mo\u017cna uzyska\u0107: w biurze projektu \u201eEdukacja, Integracja i Zatrudnienie-podstawy do rozwoju spo\u0142ecznego Rom\u00f3w\u201d przy ul. Jagiello\u0144skiej 14 w Nowym S\u0105czu lub pod nr telefonu 018\u00a0440 81 63, e-mail: mfraczek@sarr.com.pl oraz imika@sarr.com.pl<\/p>\n<h2 style=\"text-align: center;\"><span style=\"color: #000080;\"><strong><a href=\"http:\/\/www.sarr.com.pl\/?page_id=576\">Informacja dla pracownik\u00f3w sfery edukacji<\/a><\/strong><\/span><\/h2>\n<h2 style=\"text-align: center;\"><span style=\"color: #000080;\"><strong><a href=\"http:\/\/www.sarr.com.pl\/?page_id=606\">Informacja dla d\u0142ugotrwale bezrobotnych Rom\u00f3w<\/a><\/strong><\/span><\/h2>\n<h2 style=\"text-align: center;\"><a title=\"Informacja dotycz\u0105ca \u015bwietlicy dla dzieci i m\u0142odzie\u017cy romskiej\" href=\"http:\/\/www.sarr.com.pl\/?page_id=765\">Informacja dotycz\u0105ca \u015bwietlicy dla dzieci i m\u0142odzie\u017cy romskiej\u00a0<\/a><\/h2>\n<p>&nbsp;<\/p>\n<p>&nbsp;<\/p>\n<p>&nbsp;<\/p>\n","protected":false},"excerpt":{"rendered":"<p>S\u0105decka Agencja Rozwoju regionalnego S.A. informuje, \u017ce rozpoczyna realizacj\u0119 projektu pn. \u201eEdukacja, Integracja i Zatrudnienie \u2013 podstawy do rozwoju spo\u0142ecznego Rom\u00f3w\u201d Priorytet 1. Zatrudnienie i integracja spo\u0142eczna. Dzia\u0142anie 1.3 \u2013 Og\u00f3lnopolskie programy integracji i aktywizacji zawodowej Poddzia\u0142anie 1.3.1 \u2013 Projekty na rzecz spo\u0142eczno\u015bci romskiej Projekt wsp\u00f3\u0142finansowany ze \u015brodk\u00f3w Unii Europejskiej z Europejskiego Funduszu Spo\u0142ecznego. Termin [&hellip;]<\/p>\n","protected":false},"author":1,"featured_media":0,"parent":29,"menu_order":0,"comment_status":"closed","ping_status":"open","template":"","meta":[],"_links":{"self":[{"href":"https:\/\/sarr.com.pl\/index.php?rest_route=\/wp\/v2\/pages\/449"}],"collection":[{"href":"https:\/\/sarr.com.pl\/index.php?rest_route=\/wp\/v2\/pages"}],"about":[{"href":"https:\/\/sarr.com.pl\/index.php?rest_route=\/wp\/v2\/types\/page"}],"author":[{"embeddable":true,"href":"https:\/\/sarr.com.pl\/index.php?rest_route=\/wp\/v2\/users\/1"}],"replies":[{"embeddable":true,"href":"https:\/\/sarr.com.pl\/index.php?rest_route=%2Fwp%2Fv2%2Fcomments&post=449"}],"version-history":[{"count":20,"href":"https:\/\/sarr.com.pl\/index.php?rest_route=\/wp\/v2\/pages\/449\/revisions"}],"predecessor-version":[{"id":769,"href":"https:\/\/sarr.com.pl\/index.php?rest_route=\/wp\/v2\/pages\/449\/revisions\/769"}],"up":[{"embeddable":true,"href":"https:\/\/sarr.com.pl\/index.php?rest_route=\/wp\/v2\/pages\/29"}],"wp:attachment":[{"href":"https:\/\/sarr.com.pl\/index.php?rest_route=%2Fwp%2Fv2%2Fmedia&parent=449"}],"curies":[{"name":"wp","href":"https:\/\/api.w.org\/{rel}","templated":true}]}}